{"id":4304,"date":"2024-11-27T14:54:08","date_gmt":"2024-11-27T19:54:08","guid":{"rendered":"https:\/\/www.contraloria.gob.pa\/observatorio-economico\/?page_id=4304"},"modified":"2025-08-14T17:11:47","modified_gmt":"2025-08-14T22:11:47","slug":"galeria-de-eventos","status":"publish","type":"page","link":"https:\/\/www.contraloria.gob.pa\/observatorio-economico\/index.php\/galeria-de-eventos\/","title":{"rendered":"Galer\u00eda de eventos"},"content":{"rendered":"\t\t<div data-elementor-type=\"wp-page\" data-elementor-id=\"4304\" class=\"elementor elementor-4304\" data-elementor-post-type=\"page\">\n\t\t\t\t<div class=\"elementor-element elementor-element-720e795 e-flex e-con-boxed e-con e-parent\" data-id=\"720e795\" data-element_type=\"container\" data-settings=\"{&quot;background_background&quot;:&quot;gradient&quot;}\">\n\t\t\t\t\t<div class=\"e-con-inner\">\n\t\t\t\t<div class=\"elementor-element elementor-element-7ec6eb6 elementor-widget elementor-widget-text-editor\" data-id=\"7ec6eb6\" data-element_type=\"widget\" data-widget_type=\"text-editor.default\">\n\t\t\t\t<div class=\"elementor-widget-container\">\n\t\t\t\t\t\t\t<p style=\"text-align: center;\"><span style=\"color: #4a4d4e;\"><span style=\"font-size: 32px; font-family: arial, helvetica, sans-serif;\">\u00a0GALER\u00cdA DE ACTIVIDADES<\/span><\/span><\/p>\t\t\t\t\t\t<\/div>\n\t\t\t\t<\/div>\n\t\t\t\t\t<\/div>\n\t\t\t\t<\/div>\n\t\t<div class=\"elementor-element elementor-element-36d3607 e-con-full e-flex e-con e-parent\" data-id=\"36d3607\" data-element_type=\"container\">\n\t\t<div class=\"elementor-element elementor-element-9112e66 e-con-full e-flex e-con e-child\" data-id=\"9112e66\" data-element_type=\"container\">\n\t\t<div class=\"elementor-element elementor-element-c4f8ac0 e-con-full e-flex e-con e-child\" data-id=\"c4f8ac0\" data-element_type=\"container\">\n\t\t\t\t<div class=\"elementor-element elementor-element-09230cb elementor-posts--align-left elementor-grid-3 elementor-grid-tablet-2 elementor-grid-mobile-1 elementor-posts--thumbnail-top elementor-card-shadow-yes elementor-posts__hover-gradient elementor-widget elementor-widget-posts\" data-id=\"09230cb\" data-element_type=\"widget\" data-settings=\"{&quot;pagination_type&quot;:&quot;numbers&quot;,&quot;cards_row_gap&quot;:{&quot;unit&quot;:&quot;px&quot;,&quot;size&quot;:20,&quot;sizes&quot;:[]},&quot;cards_columns&quot;:&quot;3&quot;,&quot;cards_columns_tablet&quot;:&quot;2&quot;,&quot;cards_columns_mobile&quot;:&quot;1&quot;,&quot;cards_row_gap_laptop&quot;:{&quot;unit&quot;:&quot;px&quot;,&quot;size&quot;:&quot;&quot;,&quot;sizes&quot;:[]},&quot;cards_row_gap_tablet&quot;:{&quot;unit&quot;:&quot;px&quot;,&quot;size&quot;:&quot;&quot;,&quot;sizes&quot;:[]},&quot;cards_row_gap_mobile&quot;:{&quot;unit&quot;:&quot;px&quot;,&quot;size&quot;:&quot;&quot;,&quot;sizes&quot;:[]}}\" data-widget_type=\"posts.cards\">\n\t\t\t\t<div class=\"elementor-widget-container\">\n\t\t\t\t\t<div class=\"elementor-posts-container elementor-posts elementor-posts--skin-cards elementor-grid\">\n\t\t\t\t<article class=\"elementor-post elementor-grid-item post-6347 post type-post status-publish format-standard has-post-thumbnail hentry category-galeria\">\n\t\t\t<div class=\"elementor-post__card\">\n\t\t\t\t<a class=\"elementor-post__thumbnail__link\" href=\"https:\/\/www.contraloria.gob.pa\/observatorio-economico\/index.php\/2025\/11\/12\/la-contraloria-promueve-la-cultura-de-datos-y-la-transparencia-en-el-congreso-cesi-2025\/\" tabindex=\"-1\" ><div class=\"elementor-post__thumbnail\"><img fetchpriority=\"high\" decoding=\"async\" width=\"1024\" height=\"768\" src=\"https:\/\/www.contraloria.gob.pa\/observatorio-economico\/wp-content\/uploads\/2025\/11\/Congreso-1-1024x768.jpg\" class=\"attachment-large size-large wp-image-6345\" alt=\"\" srcset=\"https:\/\/www.contraloria.gob.pa\/observatorio-economico\/wp-content\/uploads\/2025\/11\/Congreso-1-1024x768.jpg 1024w, https:\/\/www.contraloria.gob.pa\/observatorio-economico\/wp-content\/uploads\/2025\/11\/Congreso-1-300x225.jpg 300w, https:\/\/www.contraloria.gob.pa\/observatorio-economico\/wp-content\/uploads\/2025\/11\/Congreso-1-768x576.jpg 768w, https:\/\/www.contraloria.gob.pa\/observatorio-economico\/wp-content\/uploads\/2025\/11\/Congreso-1.jpg 1156w\" sizes=\"(max-width: 1024px) 100vw, 1024px\" \/><\/div><\/a>\n\t\t\t\t<div class=\"elementor-post__text\">\n\t\t\t\t<h6 class=\"elementor-post__title\">\n\t\t\t<a href=\"https:\/\/www.contraloria.gob.pa\/observatorio-economico\/index.php\/2025\/11\/12\/la-contraloria-promueve-la-cultura-de-datos-y-la-transparencia-en-el-congreso-cesi-2025\/\" >\n\t\t\t\tLa Contralor\u00eda promueve la cultura de datos y la transparencia en el Congreso CESI-2025\t\t\t<\/a>\n\t\t<\/h6>\n\t\t\n\t\t<a class=\"elementor-post__read-more\" href=\"https:\/\/www.contraloria.gob.pa\/observatorio-economico\/index.php\/2025\/11\/12\/la-contraloria-promueve-la-cultura-de-datos-y-la-transparencia-en-el-congreso-cesi-2025\/\" aria-label=\"Read more about La Contralor\u00eda promueve la cultura de datos y la transparencia en el Congreso CESI-2025\" tabindex=\"-1\" >\n\t\t\tLeer m\u00e1s\t\t<\/a>\n\n\t\t\t\t<\/div>\n\t\t\t\t\t<\/div>\n\t\t<\/article>\n\t\t\t\t<article class=\"elementor-post elementor-grid-item post-6064 post type-post status-publish format-standard has-post-thumbnail hentry category-galeria\">\n\t\t\t<div class=\"elementor-post__card\">\n\t\t\t\t<a class=\"elementor-post__thumbnail__link\" href=\"https:\/\/www.contraloria.gob.pa\/observatorio-economico\/index.php\/2025\/10\/09\/conversatorio-universidad-interamericana-uip\/\" tabindex=\"-1\" ><div class=\"elementor-post__thumbnail\"><img decoding=\"async\" width=\"1024\" height=\"682\" src=\"https:\/\/www.contraloria.gob.pa\/observatorio-economico\/wp-content\/uploads\/2025\/10\/photo_2_2025-10-08_14-06-15-1024x682.jpg\" class=\"attachment-large size-large wp-image-6056\" alt=\"\" srcset=\"https:\/\/www.contraloria.gob.pa\/observatorio-economico\/wp-content\/uploads\/2025\/10\/photo_2_2025-10-08_14-06-15-1024x682.jpg 1024w, https:\/\/www.contraloria.gob.pa\/observatorio-economico\/wp-content\/uploads\/2025\/10\/photo_2_2025-10-08_14-06-15-300x200.jpg 300w, https:\/\/www.contraloria.gob.pa\/observatorio-economico\/wp-content\/uploads\/2025\/10\/photo_2_2025-10-08_14-06-15-768x512.jpg 768w, https:\/\/www.contraloria.gob.pa\/observatorio-economico\/wp-content\/uploads\/2025\/10\/photo_2_2025-10-08_14-06-15.jpg 1280w\" sizes=\"(max-width: 1024px) 100vw, 1024px\" \/><\/div><\/a>\n\t\t\t\t<div class=\"elementor-post__text\">\n\t\t\t\t<h6 class=\"elementor-post__title\">\n\t\t\t<a href=\"https:\/\/www.contraloria.gob.pa\/observatorio-economico\/index.php\/2025\/10\/09\/conversatorio-universidad-interamericana-uip\/\" >\n\t\t\t\tConversatorio Universidad Interamericana UIP\t\t\t<\/a>\n\t\t<\/h6>\n\t\t\n\t\t<a class=\"elementor-post__read-more\" href=\"https:\/\/www.contraloria.gob.pa\/observatorio-economico\/index.php\/2025\/10\/09\/conversatorio-universidad-interamericana-uip\/\" aria-label=\"Read more about Conversatorio Universidad Interamericana UIP\" tabindex=\"-1\" >\n\t\t\tLeer m\u00e1s\t\t<\/a>\n\n\t\t\t\t<\/div>\n\t\t\t\t\t<\/div>\n\t\t<\/article>\n\t\t\t\t<article class=\"elementor-post elementor-grid-item post-5038 post type-post status-publish format-standard has-post-thumbnail hentry category-galeria\">\n\t\t\t<div class=\"elementor-post__card\">\n\t\t\t\t<a class=\"elementor-post__thumbnail__link\" href=\"https:\/\/www.contraloria.gob.pa\/observatorio-economico\/index.php\/2025\/08\/05\/conversatorio-con-docentes-de-la-facultad-de-economia-unachi\/\" tabindex=\"-1\" ><div class=\"elementor-post__thumbnail\"><img decoding=\"async\" width=\"1024\" height=\"682\" src=\"https:\/\/www.contraloria.gob.pa\/observatorio-economico\/wp-content\/uploads\/2025\/08\/4909416845514223016-1024x682.jpg\" class=\"attachment-large size-large wp-image-5035\" alt=\"\" srcset=\"https:\/\/www.contraloria.gob.pa\/observatorio-economico\/wp-content\/uploads\/2025\/08\/4909416845514223016-1024x682.jpg 1024w, https:\/\/www.contraloria.gob.pa\/observatorio-economico\/wp-content\/uploads\/2025\/08\/4909416845514223016-300x200.jpg 300w, https:\/\/www.contraloria.gob.pa\/observatorio-economico\/wp-content\/uploads\/2025\/08\/4909416845514223016-768x512.jpg 768w, https:\/\/www.contraloria.gob.pa\/observatorio-economico\/wp-content\/uploads\/2025\/08\/4909416845514223016-1536x1024.jpg 1536w, https:\/\/www.contraloria.gob.pa\/observatorio-economico\/wp-content\/uploads\/2025\/08\/4909416845514223016-2048x1365.jpg 2048w\" sizes=\"(max-width: 1024px) 100vw, 1024px\" \/><\/div><\/a>\n\t\t\t\t<div class=\"elementor-post__text\">\n\t\t\t\t<h6 class=\"elementor-post__title\">\n\t\t\t<a href=\"https:\/\/www.contraloria.gob.pa\/observatorio-economico\/index.php\/2025\/08\/05\/conversatorio-con-docentes-de-la-facultad-de-economia-unachi\/\" >\n\t\t\t\tConversatorio con docentes de la Facultad de Econom\u00eda \u2013 UNACHI\t\t\t<\/a>\n\t\t<\/h6>\n\t\t\n\t\t<a class=\"elementor-post__read-more\" href=\"https:\/\/www.contraloria.gob.pa\/observatorio-economico\/index.php\/2025\/08\/05\/conversatorio-con-docentes-de-la-facultad-de-economia-unachi\/\" aria-label=\"Read more about Conversatorio con docentes de la Facultad de Econom\u00eda \u2013 UNACHI\" tabindex=\"-1\" >\n\t\t\tLeer m\u00e1s\t\t<\/a>\n\n\t\t\t\t<\/div>\n\t\t\t\t\t<\/div>\n\t\t<\/article>\n\t\t\t\t<article class=\"elementor-post elementor-grid-item post-4953 post type-post status-publish format-standard has-post-thumbnail hentry category-galeria\">\n\t\t\t<div class=\"elementor-post__card\">\n\t\t\t\t<a class=\"elementor-post__thumbnail__link\" href=\"https:\/\/www.contraloria.gob.pa\/observatorio-economico\/index.php\/2025\/07\/09\/actividad-conversatorio-usma\/\" tabindex=\"-1\" ><div class=\"elementor-post__thumbnail\"><img loading=\"lazy\" decoding=\"async\" width=\"1024\" height=\"683\" src=\"https:\/\/www.contraloria.gob.pa\/observatorio-economico\/wp-content\/uploads\/2025\/07\/12.jpg\" class=\"attachment-large size-large wp-image-4954\" alt=\"\" \/><\/div><\/a>\n\t\t\t\t<div class=\"elementor-post__text\">\n\t\t\t\t<h6 class=\"elementor-post__title\">\n\t\t\t<a href=\"https:\/\/www.contraloria.gob.pa\/observatorio-economico\/index.php\/2025\/07\/09\/actividad-conversatorio-usma\/\" >\n\t\t\t\tActividad &#8211; Conversatorio USMA\t\t\t<\/a>\n\t\t<\/h6>\n\t\t\n\t\t<a class=\"elementor-post__read-more\" href=\"https:\/\/www.contraloria.gob.pa\/observatorio-economico\/index.php\/2025\/07\/09\/actividad-conversatorio-usma\/\" aria-label=\"Read more about Actividad &#8211; Conversatorio USMA\" tabindex=\"-1\" >\n\t\t\tLeer m\u00e1s\t\t<\/a>\n\n\t\t\t\t<\/div>\n\t\t\t\t\t<\/div>\n\t\t<\/article>\n\t\t\t\t<article class=\"elementor-post elementor-grid-item post-4754 post type-post status-publish format-standard has-post-thumbnail hentry category-galeria\">\n\t\t\t<div class=\"elementor-post__card\">\n\t\t\t\t<a class=\"elementor-post__thumbnail__link\" href=\"https:\/\/www.contraloria.gob.pa\/observatorio-economico\/index.php\/2025\/05\/22\/conferencia-facultad-de-economia-universidad-de-panama\/\" tabindex=\"-1\" ><div class=\"elementor-post__thumbnail\"><img loading=\"lazy\" decoding=\"async\" width=\"1024\" height=\"683\" src=\"https:\/\/www.contraloria.gob.pa\/observatorio-economico\/wp-content\/uploads\/2025\/05\/DSC09948.jpg\" class=\"attachment-large size-large wp-image-4752\" alt=\"\" \/><\/div><\/a>\n\t\t\t\t<div class=\"elementor-post__text\">\n\t\t\t\t<h6 class=\"elementor-post__title\">\n\t\t\t<a href=\"https:\/\/www.contraloria.gob.pa\/observatorio-economico\/index.php\/2025\/05\/22\/conferencia-facultad-de-economia-universidad-de-panama\/\" >\n\t\t\t\tConferencia \u2013 Facultad de Econom\u00eda, Universidad de Panam\u00e1\t\t\t<\/a>\n\t\t<\/h6>\n\t\t\n\t\t<a class=\"elementor-post__read-more\" href=\"https:\/\/www.contraloria.gob.pa\/observatorio-economico\/index.php\/2025\/05\/22\/conferencia-facultad-de-economia-universidad-de-panama\/\" aria-label=\"Read more about Conferencia \u2013 Facultad de Econom\u00eda, Universidad de Panam\u00e1\" tabindex=\"-1\" >\n\t\t\tLeer m\u00e1s\t\t<\/a>\n\n\t\t\t\t<\/div>\n\t\t\t\t\t<\/div>\n\t\t<\/article>\n\t\t\t\t<article class=\"elementor-post elementor-grid-item post-4747 post type-post status-publish format-standard has-post-thumbnail hentry category-galeria\">\n\t\t\t<div class=\"elementor-post__card\">\n\t\t\t\t<a class=\"elementor-post__thumbnail__link\" href=\"https:\/\/www.contraloria.gob.pa\/observatorio-economico\/index.php\/2025\/05\/22\/expocomer\/\" tabindex=\"-1\" ><div class=\"elementor-post__thumbnail\"><img loading=\"lazy\" decoding=\"async\" width=\"1024\" height=\"683\" src=\"https:\/\/www.contraloria.gob.pa\/observatorio-economico\/wp-content\/uploads\/2025\/05\/IMG_9459.jpg\" class=\"attachment-large size-large wp-image-4745\" alt=\"\" \/><\/div><\/a>\n\t\t\t\t<div class=\"elementor-post__text\">\n\t\t\t\t<h6 class=\"elementor-post__title\">\n\t\t\t<a href=\"https:\/\/www.contraloria.gob.pa\/observatorio-economico\/index.php\/2025\/05\/22\/expocomer\/\" >\n\t\t\t\tExpocomer\t\t\t<\/a>\n\t\t<\/h6>\n\t\t\n\t\t<a class=\"elementor-post__read-more\" href=\"https:\/\/www.contraloria.gob.pa\/observatorio-economico\/index.php\/2025\/05\/22\/expocomer\/\" aria-label=\"Read more about Expocomer\" tabindex=\"-1\" >\n\t\t\tLeer m\u00e1s\t\t<\/a>\n\n\t\t\t\t<\/div>\n\t\t\t\t\t<\/div>\n\t\t<\/article>\n\t\t\t\t<article class=\"elementor-post elementor-grid-item post-4738 post type-post status-publish format-standard has-post-thumbnail hentry category-galeria\">\n\t\t\t<div class=\"elementor-post__card\">\n\t\t\t\t<a class=\"elementor-post__thumbnail__link\" href=\"https:\/\/www.contraloria.gob.pa\/observatorio-economico\/index.php\/2025\/05\/22\/seminario-en-investigacion-y-analisis-de-datos-direccion-nacional-de-asesoria-economica-y-financiera\/\" tabindex=\"-1\" ><div class=\"elementor-post__thumbnail\"><img loading=\"lazy\" decoding=\"async\" width=\"1024\" height=\"575\" src=\"https:\/\/www.contraloria.gob.pa\/observatorio-economico\/wp-content\/uploads\/2025\/05\/IMG_9644.jpg\" class=\"attachment-large size-large wp-image-4737\" alt=\"\" \/><\/div><\/a>\n\t\t\t\t<div class=\"elementor-post__text\">\n\t\t\t\t<h6 class=\"elementor-post__title\">\n\t\t\t<a href=\"https:\/\/www.contraloria.gob.pa\/observatorio-economico\/index.php\/2025\/05\/22\/seminario-en-investigacion-y-analisis-de-datos-direccion-nacional-de-asesoria-economica-y-financiera\/\" >\n\t\t\t\tSeminario en Investigaci\u00f3n y An\u00e1lisis de Datos \u2013 Direcci\u00f3n Nacional de Asesor\u00eda Econ\u00f3mica y Financiera\t\t\t<\/a>\n\t\t<\/h6>\n\t\t\n\t\t<a class=\"elementor-post__read-more\" href=\"https:\/\/www.contraloria.gob.pa\/observatorio-economico\/index.php\/2025\/05\/22\/seminario-en-investigacion-y-analisis-de-datos-direccion-nacional-de-asesoria-economica-y-financiera\/\" aria-label=\"Read more about Seminario en Investigaci\u00f3n y An\u00e1lisis de Datos \u2013 Direcci\u00f3n Nacional de Asesor\u00eda Econ\u00f3mica y Financiera\" tabindex=\"-1\" >\n\t\t\tLeer m\u00e1s\t\t<\/a>\n\n\t\t\t\t<\/div>\n\t\t\t\t\t<\/div>\n\t\t<\/article>\n\t\t\t\t<article class=\"elementor-post elementor-grid-item post-4409 post type-post status-publish format-standard has-post-thumbnail hentry category-galeria\">\n\t\t\t<div class=\"elementor-post__card\">\n\t\t\t\t<a class=\"elementor-post__thumbnail__link\" href=\"https:\/\/www.contraloria.gob.pa\/observatorio-economico\/index.php\/2024\/11\/29\/conservatorio-en-la-facultad-de-administracion-publica-de-la-universidad-de-panama\/\" tabindex=\"-1\" ><div class=\"elementor-post__thumbnail\"><img loading=\"lazy\" decoding=\"async\" width=\"1024\" height=\"683\" src=\"https:\/\/www.contraloria.gob.pa\/observatorio-economico\/wp-content\/uploads\/2024\/11\/IMG_9942-1.jpg\" class=\"attachment-large size-large wp-image-4350\" alt=\"\" \/><\/div><\/a>\n\t\t\t\t<div class=\"elementor-post__text\">\n\t\t\t\t<h6 class=\"elementor-post__title\">\n\t\t\t<a href=\"https:\/\/www.contraloria.gob.pa\/observatorio-economico\/index.php\/2024\/11\/29\/conservatorio-en-la-facultad-de-administracion-publica-de-la-universidad-de-panama\/\" >\n\t\t\t\tConversatorio en la Facultad de Administraci\u00f3n P\u00fablica de la Universidad de Panam\u00e1\t\t\t<\/a>\n\t\t<\/h6>\n\t\t\n\t\t<a class=\"elementor-post__read-more\" href=\"https:\/\/www.contraloria.gob.pa\/observatorio-economico\/index.php\/2024\/11\/29\/conservatorio-en-la-facultad-de-administracion-publica-de-la-universidad-de-panama\/\" aria-label=\"Read more about Conversatorio en la Facultad de Administraci\u00f3n P\u00fablica de la Universidad de Panam\u00e1\" tabindex=\"-1\" >\n\t\t\tLeer m\u00e1s\t\t<\/a>\n\n\t\t\t\t<\/div>\n\t\t\t\t\t<\/div>\n\t\t<\/article>\n\t\t\t\t<article class=\"elementor-post elementor-grid-item post-4401 post type-post status-publish format-standard has-post-thumbnail hentry category-galeria\">\n\t\t\t<div class=\"elementor-post__card\">\n\t\t\t\t<a class=\"elementor-post__thumbnail__link\" href=\"https:\/\/www.contraloria.gob.pa\/observatorio-economico\/index.php\/2024\/11\/29\/lanzamiento-de-la-plataforma-web-observatorio-economico\/\" tabindex=\"-1\" ><div class=\"elementor-post__thumbnail\"><img loading=\"lazy\" decoding=\"async\" width=\"1024\" height=\"734\" src=\"https:\/\/www.contraloria.gob.pa\/observatorio-economico\/wp-content\/uploads\/2024\/11\/IMG_4396-copia-1.jpg\" class=\"attachment-large size-large wp-image-4318\" alt=\"\" \/><\/div><\/a>\n\t\t\t\t<div class=\"elementor-post__text\">\n\t\t\t\t<h6 class=\"elementor-post__title\">\n\t\t\t<a href=\"https:\/\/www.contraloria.gob.pa\/observatorio-economico\/index.php\/2024\/11\/29\/lanzamiento-de-la-plataforma-web-observatorio-economico\/\" >\n\t\t\t\tLanzamiento de la plataforma web Observatorio Econ\u00f3mico\t\t\t<\/a>\n\t\t<\/h6>\n\t\t\n\t\t<a class=\"elementor-post__read-more\" href=\"https:\/\/www.contraloria.gob.pa\/observatorio-economico\/index.php\/2024\/11\/29\/lanzamiento-de-la-plataforma-web-observatorio-economico\/\" aria-label=\"Read more about Lanzamiento de la plataforma web Observatorio Econ\u00f3mico\" tabindex=\"-1\" >\n\t\t\tLeer m\u00e1s\t\t<\/a>\n\n\t\t\t\t<\/div>\n\t\t\t\t\t<\/div>\n\t\t<\/article>\n\t\t\t\t<article class=\"elementor-post elementor-grid-item post-4358 post type-post status-publish format-standard has-post-thumbnail hentry category-galeria\">\n\t\t\t<div class=\"elementor-post__card\">\n\t\t\t\t<a class=\"elementor-post__thumbnail__link\" href=\"https:\/\/www.contraloria.gob.pa\/observatorio-economico\/index.php\/2024\/11\/29\/conservatorio-en-centro-regional-universitario-de-san-miguelito\/\" tabindex=\"-1\" ><div class=\"elementor-post__thumbnail\"><img loading=\"lazy\" decoding=\"async\" width=\"1024\" height=\"734\" src=\"https:\/\/www.contraloria.gob.pa\/observatorio-economico\/wp-content\/uploads\/2024\/11\/IMG_3282-copia.jpg\" class=\"attachment-large size-large wp-image-4332\" alt=\"\" \/><\/div><\/a>\n\t\t\t\t<div class=\"elementor-post__text\">\n\t\t\t\t<h6 class=\"elementor-post__title\">\n\t\t\t<a href=\"https:\/\/www.contraloria.gob.pa\/observatorio-economico\/index.php\/2024\/11\/29\/conservatorio-en-centro-regional-universitario-de-san-miguelito\/\" >\n\t\t\t\tConversatorio en Centro Regional Universitario de San Miguelito\t\t\t<\/a>\n\t\t<\/h6>\n\t\t\n\t\t<a class=\"elementor-post__read-more\" href=\"https:\/\/www.contraloria.gob.pa\/observatorio-economico\/index.php\/2024\/11\/29\/conservatorio-en-centro-regional-universitario-de-san-miguelito\/\" aria-label=\"Read more about Conversatorio en Centro Regional Universitario de San Miguelito\" tabindex=\"-1\" >\n\t\t\tLeer m\u00e1s\t\t<\/a>\n\n\t\t\t\t<\/div>\n\t\t\t\t\t<\/div>\n\t\t<\/article>\n\t\t\t\t<\/div>\n\t\t\n\t\t\t\t<\/div>\n\t\t\t\t<\/div>\n\t\t\t\t<\/div>\n\t\t\t\t<\/div>\n\t\t\t\t<\/div>\n\t\t<div class=\"elementor-element elementor-element-760e0f8 e-flex e-con-boxed e-con e-parent\" data-id=\"760e0f8\" data-element_type=\"container\">\n\t\t\t\t\t<div class=\"e-con-inner\">\n\t\t\t\t<div class=\"elementor-element elementor-element-3936806 elementor-widget elementor-widget-spacer\" data-id=\"3936806\" data-element_type=\"widget\" data-widget_type=\"spacer.default\">\n\t\t\t\t<div class=\"elementor-widget-container\">\n\t\t\t\t\t<div class=\"elementor-spacer\">\n\t\t\t<div class=\"elementor-spacer-inner\"><\/div>\n\t\t<\/div>\n\t\t\t\t<\/div>\n\t\t\t\t<\/div>\n\t\t\t\t\t<\/div>\n\t\t\t\t<\/div>\n\t\t\t\t<\/div>\n\t\t","protected":false},"excerpt":{"rendered":"<p>\u00a0GALER\u00cdA DE ACTIVIDADES<\/p>\n","protected":false},"author":5,"featured_media":0,"parent":0,"menu_order":0,"comment_status":"closed","ping_status":"closed","template":"elementor_theme","meta":{"_kadence_starter_templates_imported_post":false,"_kad_post_transparent":"default","_kad_post_title":"hide","_kad_post_layout":"fullwidth","_kad_post_sidebar_id":"","_kad_post_content_style":"unboxed","_kad_post_vertical_padding":"hide","_kad_post_feature":"hide","_kad_post_feature_position":"","_kad_post_header":false,"_kad_post_footer":false,"footnotes":""},"class_list":["post-4304","page","type-page","status-publish","hentry"],"_links":{"self":[{"href":"https:\/\/www.contraloria.gob.pa\/observatorio-economico\/index.php\/wp-json\/wp\/v2\/pages\/4304","targetHints":{"allow":["GET"]}}],"collection":[{"href":"https:\/\/www.contraloria.gob.pa\/observatorio-economico\/index.php\/wp-json\/wp\/v2\/pages"}],"about":[{"href":"https:\/\/www.contraloria.gob.pa\/observatorio-economico\/index.php\/wp-json\/wp\/v2\/types\/page"}],"author":[{"embeddable":true,"href":"https:\/\/www.contraloria.gob.pa\/observatorio-economico\/index.php\/wp-json\/wp\/v2\/users\/5"}],"replies":[{"embeddable":true,"href":"https:\/\/www.contraloria.gob.pa\/observatorio-economico\/index.php\/wp-json\/wp\/v2\/comments?post=4304"}],"version-history":[{"count":80,"href":"https:\/\/www.contraloria.gob.pa\/observatorio-economico\/index.php\/wp-json\/wp\/v2\/pages\/4304\/revisions"}],"predecessor-version":[{"id":5368,"href":"https:\/\/www.contraloria.gob.pa\/observatorio-economico\/index.php\/wp-json\/wp\/v2\/pages\/4304\/revisions\/5368"}],"wp:attachment":[{"href":"https:\/\/www.contraloria.gob.pa\/observatorio-economico\/index.php\/wp-json\/wp\/v2\/media?parent=4304"}],"curies":[{"name":"wp","href":"https:\/\/api.w.org\/{rel}","templated":true}]}}